{"id":2,"date":"2023-09-05T19:35:18","date_gmt":"2023-09-05T17:35:18","guid":{"rendered":"http:\/\/noelencirque.org\/?page_id=2"},"modified":"2026-01-09T11:35:09","modified_gmt":"2026-01-09T10:35:09","slug":"accueil","status":"publish","type":"page","link":"https:\/\/noelencirque.org\/","title":{"rendered":"Accueil"},"content":{"rendered":"\n<h2 class=\"wp-block-heading has-text-align-center\">Saison <mark style=\"background-color:rgba(0, 0, 0, 0)\" class=\"has-inline-color has-vivid-red-color\">2025 &#8211; 15e \u00e9dition !<\/mark><\/h2>\n\n\n\n<figure class=\"wp-block-gallery has-nested-images columns-default is-cropped wp-block-gallery-1 is-layout-flex wp-block-gallery-is-layout-flex\">\n<figure class=\"wp-block-image size-large\"><img decoding=\"async\" width=\"1024\" height=\"735\" data-id=\"785\" data-src=\"https:\/\/noelencirque.org\/wp-content\/uploads\/2026\/01\/NeC_2026-1024x735.webp\" alt=\"\" class=\"wp-image-785 lazyload\" data-srcset=\"https:\/\/noelencirque.org\/wp-content\/uploads\/2026\/01\/NeC_2026-1024x735.webp 1024w, https:\/\/noelencirque.org\/wp-content\/uploads\/2026\/01\/NeC_2026-300x215.webp 300w, https:\/\/noelencirque.org\/wp-content\/uploads\/2026\/01\/NeC_2026-768x551.webp 768w, https:\/\/noelencirque.org\/wp-content\/uploads\/2026\/01\/NeC_2026.webp 1080w\" data-sizes=\"(max-width: 1024px) 100vw, 1024px\" src=\"data:image\/svg+xml;base64,PHN2ZyB3aWR0aD0iMSIgaGVpZ2h0PSIxIiB4bWxucz0iaHR0cDovL3d3dy53My5vcmcvMjAwMC9zdmciPjwvc3ZnPg==\" style=\"--smush-placeholder-width: 1024px; --smush-placeholder-aspect-ratio: 1024\/735;\" \/><\/figure>\n\n\n\n<figure class=\"wp-block-image size-large\"><img decoding=\"async\" width=\"1024\" height=\"597\" data-id=\"786\" data-src=\"https:\/\/noelencirque.org\/wp-content\/uploads\/2026\/01\/NeC_2026-2-1024x597.webp\" alt=\"\" class=\"wp-image-786 lazyload\" data-srcset=\"https:\/\/noelencirque.org\/wp-content\/uploads\/2026\/01\/NeC_2026-2-1024x597.webp 1024w, https:\/\/noelencirque.org\/wp-content\/uploads\/2026\/01\/NeC_2026-2-300x175.webp 300w, https:\/\/noelencirque.org\/wp-content\/uploads\/2026\/01\/NeC_2026-2-768x448.webp 768w, https:\/\/noelencirque.org\/wp-content\/uploads\/2026\/01\/NeC_2026-2.webp 1063w\" data-sizes=\"(max-width: 1024px) 100vw, 1024px\" src=\"data:image\/svg+xml;base64,PHN2ZyB3aWR0aD0iMSIgaGVpZ2h0PSIxIiB4bWxucz0iaHR0cDovL3d3dy53My5vcmcvMjAwMC9zdmciPjwvc3ZnPg==\" style=\"--smush-placeholder-width: 1024px; --smush-placeholder-aspect-ratio: 1024\/597;\" \/><\/figure>\n<\/figure>\n\n\n\n<h2 class=\"wp-block-heading has-text-align-center\"><mark style=\"background-color:rgba(0, 0, 0, 0)\" class=\"has-inline-color has-luminous-vivid-amber-color\">OH LA LA C EST POUR LA BONNE CAUSE<\/mark><\/h2>\n\n\n\n<p class=\"has-text-align-center\">L&rsquo;association UN BONNET UN SOURIRE s&rsquo;associe avec l&rsquo;association NOEL EN CIRQUE sous le chapiteau de CIRQUE EN 2 RIVES le samedi 13 d\u00e9cembre aux s\u00e9ances de 14h30 et 20h30. <strong><a href=\"https:\/\/noelencirque.org\/index.php\/2025\/12\/02\/un-bonnet-un-sourire\/\">Lire plus&#8230;<\/a><\/strong><\/p>\n\n\n<div class=\"wp-block-image\">\n<figure class=\"aligncenter size-large is-resized\"><a href=\"https:\/\/noelencirque.org\/index.php\/2025\/12\/02\/un-bonnet-un-sourire\/\" target=\"_blank\" rel=\" noreferrer noopener\"><img decoding=\"async\" width=\"821\" height=\"1024\" data-src=\"https:\/\/noelencirque.org\/wp-content\/uploads\/2025\/12\/Bonnet-Sourire-1-821x1024.webp\" alt=\"\" class=\"wp-image-778 lazyload\" style=\"--smush-placeholder-width: 821px; --smush-placeholder-aspect-ratio: 821\/1024;width:336px;height:auto\" data-srcset=\"https:\/\/noelencirque.org\/wp-content\/uploads\/2025\/12\/Bonnet-Sourire-1-821x1024.webp 821w, https:\/\/noelencirque.org\/wp-content\/uploads\/2025\/12\/Bonnet-Sourire-1-240x300.webp 240w, https:\/\/noelencirque.org\/wp-content\/uploads\/2025\/12\/Bonnet-Sourire-1-768x958.webp 768w, https:\/\/noelencirque.org\/wp-content\/uploads\/2025\/12\/Bonnet-Sourire-1.webp 1026w\" data-sizes=\"(max-width: 821px) 100vw, 821px\" src=\"data:image\/svg+xml;base64,PHN2ZyB3aWR0aD0iMSIgaGVpZ2h0PSIxIiB4bWxucz0iaHR0cDovL3d3dy53My5vcmcvMjAwMC9zdmciPjwvc3ZnPg==\" \/><\/a><\/figure>\n<\/div>\n\n\n<p>L&rsquo;association NOEL EN CIRQUE a le regret de vous informer que le concert de l&rsquo;orchestre de CIRQUE EN 2 RIVES initialement pr\u00e9vu le vendredi 28 novembre 2025, avec la pr\u00e9sence exceptionnelle de Monsieur Carmino D&rsquo;ANGELO, doit \u00eatre report\u00e9.<\/p>\n\n\n\n<p>David notre chef d&rsquo;orchestre vous pr\u00e9sente ses sinc\u00e8res excuses pour ce report et est conscient que celui-ci perturbe le bon fonctionnement de notre \u00e9dition 2025 mais il est victime d&rsquo;obligations impr\u00e9visibles.<\/p>\n\n\n\n<p>Nous vous prions de nous excuser pour la g\u00eane occasionn\u00e9e.<\/p>\n\n\n\n<div class=\"wp-block-buttons is-content-justification-center is-layout-flex wp-container-core-buttons-is-layout-a89b3969 wp-block-buttons-is-layout-flex\">\n<div class=\"wp-block-button\"><a class=\"wp-block-button__link has-black-color has-luminous-vivid-amber-background-color has-text-color has-background has-link-color has-medium-font-size has-custom-font-size wp-element-button\" href=\"https:\/\/billetterie-cc2r.mapado.com\/event\/590766-noel-en-cirque-edition-2025\" target=\"_blank\" rel=\"noreferrer noopener\"><strong>R\u00e9server maintenant<\/strong><\/a><\/div>\n<\/div>\n\n\n\n<h2 class=\"wp-block-heading has-text-align-center\"><mark style=\"background-color:rgba(0, 0, 0, 0)\" class=\"has-inline-color has-luminous-vivid-amber-color\">Infernal Varanne rejoint Cirque en 2 Rives pour la saison 2025 !<\/mark><\/h2>\n\n\n\n<figure class=\"wp-block-image size-large\"><img decoding=\"async\" width=\"822\" height=\"1024\" data-src=\"https:\/\/noelencirque.org\/wp-content\/uploads\/2025\/11\/Affiche2025-822x1024.webp\" alt=\"\" class=\"wp-image-759 lazyload\" data-srcset=\"https:\/\/noelencirque.org\/wp-content\/uploads\/2025\/11\/Affiche2025-822x1024.webp 822w, https:\/\/noelencirque.org\/wp-content\/uploads\/2025\/11\/Affiche2025-241x300.webp 241w, https:\/\/noelencirque.org\/wp-content\/uploads\/2025\/11\/Affiche2025-768x956.webp 768w, https:\/\/noelencirque.org\/wp-content\/uploads\/2025\/11\/Affiche2025.webp 1028w\" data-sizes=\"(max-width: 822px) 100vw, 822px\" src=\"data:image\/svg+xml;base64,PHN2ZyB3aWR0aD0iMSIgaGVpZ2h0PSIxIiB4bWxucz0iaHR0cDovL3d3dy53My5vcmcvMjAwMC9zdmciPjwvc3ZnPg==\" style=\"--smush-placeholder-width: 822px; --smush-placeholder-aspect-ratio: 822\/1024;\" \/><\/figure>\n\n\n\n<div style=\"height:41px\" aria-hidden=\"true\" class=\"wp-block-spacer\"><\/div>\n\n\n\n<figure class=\"wp-block-embed is-type-video is-provider-youtube wp-block-embed-youtube wp-embed-aspect-16-9 wp-has-aspect-ratio\"><div class=\"wp-block-embed__wrapper\">\n<iframe title=\"Teaser InfernalVaranne\" width=\"960\" height=\"540\" data-src=\"https:\/\/www.youtube.com\/embed\/ws2HWKFUni0?feature=oembed\" frameborder=\"0\" allow=\"accelerometer; autoplay; clipboard-write; encrypted-media; gyroscope; picture-in-picture; web-share\" referrerpolicy=\"strict-origin-when-cross-origin\" allowfullscreen src=\"data:image\/svg+xml;base64,PHN2ZyB3aWR0aD0iMSIgaGVpZ2h0PSIxIiB4bWxucz0iaHR0cDovL3d3dy53My5vcmcvMjAwMC9zdmciPjwvc3ZnPg==\" class=\"lazyload\" data-load-mode=\"1\"><\/iframe>\n<\/div><\/figure>\n\n\n\n<div style=\"height:41px\" aria-hidden=\"true\" class=\"wp-block-spacer\"><\/div>\n\n\n\n<div class=\"wp-block-columns alignfull are-vertically-aligned-center is-layout-flex wp-container-core-columns-is-layout-28f84493 wp-block-columns-is-layout-flex\">\n<div class=\"wp-block-column is-vertically-aligned-center is-layout-flow wp-block-column-is-layout-flow\" style=\"flex-basis:50%\">\n<div class=\"wp-block-cover is-light\" style=\"min-height:404px;aspect-ratio:unset;\"><span aria-hidden=\"true\" class=\"wp-block-cover__background has-background-dim-100 has-background-dim\" style=\"background-color:#f6f6f6\"><\/span><div class=\"wp-block-cover__inner-container is-layout-flow wp-block-cover-is-layout-flow\"><div class=\"wp-block-image\">\n<figure class=\"aligncenter size-medium is-resized\"><img decoding=\"async\" width=\"300\" height=\"147\" data-src=\"https:\/\/noelencirque.org\/wp-content\/uploads\/2025\/02\/Bandeau2_2025-300x147.webp\" alt=\"\" class=\"wp-image-549 lazyload\" style=\"--smush-placeholder-width: 300px; --smush-placeholder-aspect-ratio: 300\/147;width:384px;height:auto\" data-srcset=\"https:\/\/noelencirque.org\/wp-content\/uploads\/2025\/02\/Bandeau2_2025-300x147.webp 300w, https:\/\/noelencirque.org\/wp-content\/uploads\/2025\/02\/Bandeau2_2025-1024x501.webp 1024w, https:\/\/noelencirque.org\/wp-content\/uploads\/2025\/02\/Bandeau2_2025-768x375.webp 768w, https:\/\/noelencirque.org\/wp-content\/uploads\/2025\/02\/Bandeau2_2025.webp 1080w\" data-sizes=\"(max-width: 300px) 100vw, 300px\" src=\"data:image\/svg+xml;base64,PHN2ZyB3aWR0aD0iMSIgaGVpZ2h0PSIxIiB4bWxucz0iaHR0cDovL3d3dy53My5vcmcvMjAwMC9zdmciPjwvc3ZnPg==\" \/><\/figure>\n<\/div><\/div><\/div>\n<\/div>\n\n\n\n<div class=\"wp-block-column is-vertically-aligned-center is-layout-flow wp-block-column-is-layout-flow\" style=\"padding-top:1em;padding-right:1em;padding-bottom:1em;padding-left:1em\">\n<div class=\"wp-block-columns is-layout-flex wp-container-core-columns-is-layout-28f84493 wp-block-columns-is-layout-flex\">\n<div class=\"wp-block-column is-layout-flow wp-block-column-is-layout-flow\" style=\"flex-basis:320px\">\n<p class=\"has-text-align-center has-medium-font-size\" style=\"line-height:1.6\"><strong>L&rsquo;association No\u00ebl en Cirque bouscul\u00e9e<\/strong><\/p>\n\n\n\n<p class=\"has-small-font-size\" style=\"line-height:1.6\">Coup de tonnerre trois semaines avant la premi\u00e8re repr\u00e9sentation. Les artistes Moichl et Maverick Gartner ont d\u00e9cid\u00e9 d&rsquo;annuler leur participation \u00e0 l&rsquo;\u00e9dition Cirque en 2 Rives 2025. Avec un immense regret, Fr\u00e9d\u00e9ric Dublanc des raisons ind\u00e9pendantes de sa volont\u00e9 et de toutes pressions ext\u00e9rieures : cette d\u00e9cision est purement personnelle, en lien avec des raisons qui leur appartiennent. \u00ab\u00a0Nous faisons le maximum pour les remplacer au pied lev\u00e9 afin de pr\u00e9server la bonne tenue de notre \u00e9dition 2025, exercice p\u00e9rilleux \u00e9tant donn\u00e9 qu&rsquo;une programmation se pr\u00e9pare un an en avance. A ce jour, la majorit\u00e9 des artistes sont engag\u00e9s. Malgr\u00e9 cette d\u00e9programmation, nous esp\u00e9rons que cette \u00e9dition de Cirque en 2 Rives ravira encore petits et grands\u00a0\u00bb.<\/p>\n<\/div>\n<\/div>\n<\/div>\n<\/div>\n\n\n\n<figure class=\"wp-block-embed is-type-video is-provider-youtube wp-block-embed-youtube wp-embed-aspect-4-3 wp-has-aspect-ratio\"><div class=\"wp-block-embed__wrapper\">\n<iframe title=\"No\u00ebl en Cirque Teaser 2025\" width=\"960\" height=\"720\" data-src=\"https:\/\/www.youtube.com\/embed\/U3Y3OpMN_1Y?feature=oembed\" frameborder=\"0\" allow=\"accelerometer; autoplay; clipboard-write; encrypted-media; gyroscope; picture-in-picture; web-share\" referrerpolicy=\"strict-origin-when-cross-origin\" allowfullscreen src=\"data:image\/svg+xml;base64,PHN2ZyB3aWR0aD0iMSIgaGVpZ2h0PSIxIiB4bWxucz0iaHR0cDovL3d3dy53My5vcmcvMjAwMC9zdmciPjwvc3ZnPg==\" class=\"lazyload\" data-load-mode=\"1\"><\/iframe>\n<\/div><\/figure>\n\n\n\n<div style=\"height:45px\" aria-hidden=\"true\" class=\"wp-block-spacer\"><\/div>\n\n\n<div class=\"wp-block-image\">\n<figure class=\"aligncenter size-large is-resized\"><img decoding=\"async\" width=\"1024\" height=\"819\" data-src=\"https:\/\/noelencirque.org\/wp-content\/uploads\/2025\/09\/Recap_2025-1024x819.webp\" alt=\"\" class=\"wp-image-700 lazyload\" style=\"--smush-placeholder-width: 1024px; --smush-placeholder-aspect-ratio: 1024\/819;width:688px;height:auto\" data-srcset=\"https:\/\/noelencirque.org\/wp-content\/uploads\/2025\/09\/Recap_2025-1024x819.webp 1024w, https:\/\/noelencirque.org\/wp-content\/uploads\/2025\/09\/Recap_2025-300x240.webp 300w, https:\/\/noelencirque.org\/wp-content\/uploads\/2025\/09\/Recap_2025-768x614.webp 768w, https:\/\/noelencirque.org\/wp-content\/uploads\/2025\/09\/Recap_2025-1140x912.webp 1140w, https:\/\/noelencirque.org\/wp-content\/uploads\/2025\/09\/Recap_2025.webp 1280w\" data-sizes=\"(max-width: 1024px) 100vw, 1024px\" src=\"data:image\/svg+xml;base64,PHN2ZyB3aWR0aD0iMSIgaGVpZ2h0PSIxIiB4bWxucz0iaHR0cDovL3d3dy53My5vcmcvMjAwMC9zdmciPjwvc3ZnPg==\" \/><\/figure>\n<\/div>\n\n\n<div style=\"height:36px\" aria-hidden=\"true\" class=\"wp-block-spacer\"><\/div>\n\n\n\n<h2 class=\"wp-block-heading has-text-align-center\"><strong><mark style=\"background-color:rgba(0, 0, 0, 0)\" class=\"has-inline-color has-luminous-vivid-orange-color\">R\u00e9servez votre d\u00eener spectacle<\/mark><\/strong> du 12 d\u00e9cembre : <strong><a href=\"https:\/\/noelencirque.org\/index.php\/2025\/10\/12\/diner-spectacle-2025\/\">c&rsquo;est ICI<\/a><\/strong><\/h2>\n\n\n\n<div style=\"height:36px\" aria-hidden=\"true\" class=\"wp-block-spacer\"><\/div>\n\n\n\n<p class=\"has-text-align-center\"><strong><mark style=\"background-color:rgba(0, 0, 0, 0)\" class=\"has-inline-color has-luminous-vivid-orange-color\">[ SAVE THE DATE ]<\/mark><\/strong><br>Le 28 novembre 2025 \u00e0 20h30 l&rsquo;association \u00ab\u00a0No\u00ebl en Cirque\u00a0\u00bb pr\u00e9sente sous chapiteau \u00e0 Valence d&rsquo;Agen (Tarn-et-Garonne), un grand concert de musique de Cirque, avec l&rsquo;orchestre de \u00ab\u00a0Cirque en 2 Rives\u00a0\u00bb ; et la pr\u00e9sence exceptionnelle de Camino d&rsquo;Ang\u00e9lo.<br>\u27bd R\u00e9servations exclusivement sur la billetterie CC2R ou \u00e0 l&rsquo;office de tourisme de Valence d&rsquo;Agen.<\/p>\n\n\n<div class=\"wp-block-image\">\n<figure class=\"aligncenter size-large is-resized\"><img decoding=\"async\" width=\"738\" height=\"1024\" data-src=\"https:\/\/noelencirque.org\/wp-content\/uploads\/2025\/10\/Soiree-concert-738x1024.webp\" alt=\"\" class=\"wp-image-717 lazyload\" style=\"--smush-placeholder-width: 738px; --smush-placeholder-aspect-ratio: 738\/1024;width:604px;height:auto\" data-srcset=\"https:\/\/noelencirque.org\/wp-content\/uploads\/2025\/10\/Soiree-concert-738x1024.webp 738w, https:\/\/noelencirque.org\/wp-content\/uploads\/2025\/10\/Soiree-concert-216x300.webp 216w, https:\/\/noelencirque.org\/wp-content\/uploads\/2025\/10\/Soiree-concert-768x1066.webp 768w, https:\/\/noelencirque.org\/wp-content\/uploads\/2025\/10\/Soiree-concert.webp 922w\" data-sizes=\"(max-width: 738px) 100vw, 738px\" src=\"data:image\/svg+xml;base64,PHN2ZyB3aWR0aD0iMSIgaGVpZ2h0PSIxIiB4bWxucz0iaHR0cDovL3d3dy53My5vcmcvMjAwMC9zdmciPjwvc3ZnPg==\" \/><\/figure>\n<\/div>\n\n\n<div style=\"height:36px\" aria-hidden=\"true\" class=\"wp-block-spacer\"><\/div>\n\n\n\n<h3 class=\"wp-block-heading has-text-align-center\"><mark style=\"background-color:rgba(0, 0, 0, 0)\" class=\"has-inline-color has-luminous-vivid-orange-color\">La billetterie est ouverte !<\/mark><\/h3>\n\n\n<div class=\"wp-block-image\">\n<figure class=\"aligncenter size-large is-resized\"><a href=\"https:\/\/noelencirque.org\/index.php\/reservations\/\" target=\"_blank\" rel=\" noreferrer noopener\"><img decoding=\"async\" width=\"827\" height=\"1024\" data-src=\"https:\/\/noelencirque.org\/wp-content\/uploads\/2025\/07\/Billeterie-J_2025-827x1024.webp\" alt=\"\" class=\"wp-image-686 lazyload\" style=\"--smush-placeholder-width: 827px; --smush-placeholder-aspect-ratio: 827\/1024;width:609px;height:auto\" data-srcset=\"https:\/\/noelencirque.org\/wp-content\/uploads\/2025\/07\/Billeterie-J_2025-827x1024.webp 827w, https:\/\/noelencirque.org\/wp-content\/uploads\/2025\/07\/Billeterie-J_2025-242x300.webp 242w, https:\/\/noelencirque.org\/wp-content\/uploads\/2025\/07\/Billeterie-J_2025-768x951.webp 768w, https:\/\/noelencirque.org\/wp-content\/uploads\/2025\/07\/Billeterie-J_2025-1240x1536.webp 1240w, https:\/\/noelencirque.org\/wp-content\/uploads\/2025\/07\/Billeterie-J_2025-1140x1412.webp 1140w, https:\/\/noelencirque.org\/wp-content\/uploads\/2025\/07\/Billeterie-J_2025.webp 1550w\" data-sizes=\"(max-width: 827px) 100vw, 827px\" src=\"data:image\/svg+xml;base64,PHN2ZyB3aWR0aD0iMSIgaGVpZ2h0PSIxIiB4bWxucz0iaHR0cDovL3d3dy53My5vcmcvMjAwMC9zdmciPjwvc3ZnPg==\" \/><\/a><\/figure>\n<\/div>\n\n<div class=\"wp-block-image\">\n<figure class=\"aligncenter size-large\"><img decoding=\"async\" width=\"831\" height=\"1024\" data-src=\"https:\/\/noelencirque.org\/wp-content\/uploads\/2025\/06\/AfficheOfficielle2025-831x1024.webp\" alt=\"\" class=\"wp-image-657 lazyload\" data-srcset=\"https:\/\/noelencirque.org\/wp-content\/uploads\/2025\/06\/AfficheOfficielle2025-831x1024.webp 831w, https:\/\/noelencirque.org\/wp-content\/uploads\/2025\/06\/AfficheOfficielle2025-244x300.webp 244w, https:\/\/noelencirque.org\/wp-content\/uploads\/2025\/06\/AfficheOfficielle2025-768x946.webp 768w, https:\/\/noelencirque.org\/wp-content\/uploads\/2025\/06\/AfficheOfficielle2025-1247x1536.webp 1247w, https:\/\/noelencirque.org\/wp-content\/uploads\/2025\/06\/AfficheOfficielle2025-1140x1404.webp 1140w, https:\/\/noelencirque.org\/wp-content\/uploads\/2025\/06\/AfficheOfficielle2025.webp 1559w\" data-sizes=\"(max-width: 831px) 100vw, 831px\" src=\"data:image\/svg+xml;base64,PHN2ZyB3aWR0aD0iMSIgaGVpZ2h0PSIxIiB4bWxucz0iaHR0cDovL3d3dy53My5vcmcvMjAwMC9zdmciPjwvc3ZnPg==\" style=\"--smush-placeholder-width: 831px; --smush-placeholder-aspect-ratio: 831\/1024;\" \/><\/figure>\n<\/div>\n\n\n<div style=\"height:24px\" aria-hidden=\"true\" class=\"wp-block-spacer\"><\/div>\n\n\n<div class=\"wp-block-image\">\n<figure class=\"aligncenter size-large is-resized\"><a href=\"https:\/\/noelencirque.org\/index.php\/2025\/05\/13\/le-resto-du-cirque-2\/\"><img decoding=\"async\" width=\"1024\" height=\"542\" data-src=\"https:\/\/noelencirque.org\/wp-content\/uploads\/2025\/05\/Le-Resto-du-Cirque-1024x542.webp\" alt=\"\" class=\"wp-image-619 lazyload\" style=\"--smush-placeholder-width: 1024px; --smush-placeholder-aspect-ratio: 1024\/542;width:444px;height:auto\" data-srcset=\"https:\/\/noelencirque.org\/wp-content\/uploads\/2025\/05\/Le-Resto-du-Cirque-1024x542.webp 1024w, https:\/\/noelencirque.org\/wp-content\/uploads\/2025\/05\/Le-Resto-du-Cirque-300x159.webp 300w, https:\/\/noelencirque.org\/wp-content\/uploads\/2025\/05\/Le-Resto-du-Cirque-768x407.webp 768w, https:\/\/noelencirque.org\/wp-content\/uploads\/2025\/05\/Le-Resto-du-Cirque.webp 1080w\" data-sizes=\"(max-width: 1024px) 100vw, 1024px\" src=\"data:image\/svg+xml;base64,PHN2ZyB3aWR0aD0iMSIgaGVpZ2h0PSIxIiB4bWxucz0iaHR0cDovL3d3dy53My5vcmcvMjAwMC9zdmciPjwvc3ZnPg==\" \/><\/a><\/figure>\n<\/div>\n\n\n<h2 class=\"wp-block-heading has-text-align-center\">LANCEMENT DE L&rsquo;EDITION 2025<\/h2>\n\n\n\n<h2 class=\"wp-block-heading has-text-align-center\">Retrouvez les artistes de la saisons 2025 dans nos <a href=\"https:\/\/noelencirque.org\/index.php\/2025\/05\/29\/gottani-warriors\/\" target=\"_blank\" rel=\"noreferrer noopener\">articles<\/a><\/h2>\n\n\n\n<div style=\"height:51px\" aria-hidden=\"true\" class=\"wp-block-spacer\"><\/div>\n\n\n\n<hr class=\"wp-block-separator has-alpha-channel-opacity\"\/>\n\n\n\n<div style=\"height:36px\" aria-hidden=\"true\" class=\"wp-block-spacer\"><\/div>\n\n\n\n<div class=\"wp-block-media-text is-stacked-on-mobile is-image-fill-element\" style=\"grid-template-columns:35% auto\"><figure class=\"wp-block-media-text__media\"><img decoding=\"async\" width=\"536\" height=\"510\" data-src=\"https:\/\/noelencirque.org\/wp-content\/uploads\/2023\/10\/LOGO_NoelEnCirque_new.jpg\" alt=\"Nouveau Logo No\u00ebl En Cirque 2023\" class=\"wp-image-137 size-full lazyload\" style=\"--smush-placeholder-width: 536px; --smush-placeholder-aspect-ratio: 536\/510;object-position:50% 50%\" data-srcset=\"https:\/\/noelencirque.org\/wp-content\/uploads\/2023\/10\/LOGO_NoelEnCirque_new.jpg 536w, https:\/\/noelencirque.org\/wp-content\/uploads\/2023\/10\/LOGO_NoelEnCirque_new-300x285.jpg 300w\" data-sizes=\"(max-width: 536px) 100vw, 536px\" src=\"data:image\/svg+xml;base64,PHN2ZyB3aWR0aD0iMSIgaGVpZ2h0PSIxIiB4bWxucz0iaHR0cDovL3d3dy53My5vcmcvMjAwMC9zdmciPjwvc3ZnPg==\" \/><\/figure><div class=\"wp-block-media-text__content\">\n<p>Pr\u00e9sident Fr\u00e9d\u00e9ric DUBLANC<br>Tr\u00e9sorier: Alain PINTO<br>Secr\u00e9taire: Thyphen PETRIS<br>Secr\u00e9taire adjoint: Jacques AURIOL<\/p>\n<\/div><\/div>\n\n\n\n<div style=\"height:29px\" aria-hidden=\"true\" class=\"wp-block-spacer\"><\/div>\n\n\n\n<div class=\"wp-block-media-text is-stacked-on-mobile\"><figure class=\"wp-block-media-text__media\"><img decoding=\"async\" width=\"1024\" height=\"572\" data-src=\"https:\/\/noelencirque.org\/wp-content\/uploads\/2023\/10\/Le-Resto-du-Cirque-1024x572.jpg\" alt=\"\" class=\"wp-image-85 size-full lazyload\" data-srcset=\"https:\/\/noelencirque.org\/wp-content\/uploads\/2023\/10\/Le-Resto-du-Cirque-1024x572.jpg 1024w, https:\/\/noelencirque.org\/wp-content\/uploads\/2023\/10\/Le-Resto-du-Cirque-300x168.jpg 300w, https:\/\/noelencirque.org\/wp-content\/uploads\/2023\/10\/Le-Resto-du-Cirque-768x429.jpg 768w, https:\/\/noelencirque.org\/wp-content\/uploads\/2023\/10\/Le-Resto-du-Cirque-850x475.jpg 850w, https:\/\/noelencirque.org\/wp-content\/uploads\/2023\/10\/Le-Resto-du-Cirque.jpg 1080w\" data-sizes=\"(max-width: 1024px) 100vw, 1024px\" src=\"data:image\/svg+xml;base64,PHN2ZyB3aWR0aD0iMSIgaGVpZ2h0PSIxIiB4bWxucz0iaHR0cDovL3d3dy53My5vcmcvMjAwMC9zdmciPjwvc3ZnPg==\" style=\"--smush-placeholder-width: 1024px; --smush-placeholder-aspect-ratio: 1024\/572;\" \/><\/figure><div class=\"wp-block-media-text__content\">\n<p>Pour la premi\u00e8re fois un restaurant est propos\u00e9 \u00a0\u00bb <strong><a href=\"https:\/\/noelencirque.org\/index.php\/2023\/09\/05\/le-resto-du-cirque\/\" data-type=\"link\" data-id=\"https:\/\/noelencirque.org\/index.php\/2023\/09\/05\/le-resto-du-cirque\/\"><mark style=\"background-color:rgba(0, 0, 0, 0)\" class=\"has-inline-color has-vivid-red-color\">LE RESTO DU CIRQUE<\/mark><\/a><\/strong>\u00a0\u00bb pour y manger avant et apr\u00e8s le spectacle avec diverses formules<\/p>\n<\/div><\/div>\n\n\n\n<p><\/p>\n","protected":false},"excerpt":{"rendered":"<p>Saison 2025 &#8211; 15e \u00e9dition ! OH LA LA C EST POUR LA BONNE CAUSE L&rsquo;association UN BONNET UN SOURIRE s&rsquo;associe avec l&rsquo;association NOEL EN CIRQUE sous le chapiteau de CIRQUE EN 2 RIVES le samedi 13 d\u00e9cembre aux s\u00e9ances de 14h30 et 20h30. Lire plus&#8230; L&rsquo;association NOEL EN CIRQUE a le regret de vous informer que le concert de l&rsquo;orchestre de CIRQUE EN 2 RIVES initialement pr\u00e9vu le vendredi 28 novembre 2025, avec la pr\u00e9sence exceptionnelle de Monsieur Carmino D&rsquo;ANGELO, doit \u00eatre report\u00e9. David notre chef d&rsquo;orchestre vous pr\u00e9sente ses sinc\u00e8res excuses pour ce report et est conscient que celui-ci perturbe le bon fonctionnement de notre \u00e9dition 2025 mais il est victime d&rsquo;obligations impr\u00e9visibles. Nous vous prions de nous excuser pour la g\u00eane occasionn\u00e9e. Infernal Varanne rejoint Cirque en 2 Rives pour la saison 2025 ! L&rsquo;association No\u00ebl en Cirque bouscul\u00e9e Coup de tonnerre trois semaines avant la premi\u00e8re repr\u00e9sentation. Les artistes Moichl et Maverick Gartner ont d\u00e9cid\u00e9 d&rsquo;annuler leur participation \u00e0 l&rsquo;\u00e9dition Cirque en 2 Rives 2025. Avec un immense regret, Fr\u00e9d\u00e9ric Dublanc des raisons ind\u00e9pendantes de sa volont\u00e9 et de toutes pressions ext\u00e9rieures : cette d\u00e9cision est purement personnelle, en lien avec des raisons qui leur appartiennent. \u00ab\u00a0Nous faisons le maximum pour les remplacer au pied lev\u00e9 afin de pr\u00e9server la bonne tenue de notre \u00e9dition 2025, exercice p\u00e9rilleux \u00e9tant donn\u00e9 qu&rsquo;une programmation se pr\u00e9pare un an en avance. A ce jour, la majorit\u00e9 des artistes sont engag\u00e9s. Malgr\u00e9 cette d\u00e9programmation, nous esp\u00e9rons que cette \u00e9dition de Cirque en 2 Rives ravira encore petits et grands\u00a0\u00bb. R\u00e9servez votre d\u00eener spectacle du 12 d\u00e9cembre : c&rsquo;est ICI [ SAVE THE DATE ]Le 28 novembre 2025 \u00e0 20h30 l&rsquo;association \u00ab\u00a0No\u00ebl en Cirque\u00a0\u00bb pr\u00e9sente sous chapiteau \u00e0 Valence d&rsquo;Agen (Tarn-et-Garonne), un grand concert de musique de Cirque, avec l&rsquo;orchestre de \u00ab\u00a0Cirque en 2 Rives\u00a0\u00bb ; et la pr\u00e9sence exceptionnelle de Camino d&rsquo;Ang\u00e9lo.\u27bd R\u00e9servations exclusivement sur la billetterie CC2R ou \u00e0 l&rsquo;office de tourisme de Valence d&rsquo;Agen. La billetterie est ouverte ! LANCEMENT DE L&rsquo;EDITION 2025 Retrouvez les artistes de la saisons 2025 dans nos articles Pr\u00e9sident Fr\u00e9d\u00e9ric DUBLANCTr\u00e9sorier: Alain PINTOSecr\u00e9taire: Thyphen PETRISSecr\u00e9taire adjoint: Jacques AURIOL Pour la premi\u00e8re fois un restaurant est propos\u00e9 \u00a0\u00bb LE RESTO DU CIRQUE\u00a0\u00bb pour y manger avant et apr\u00e8s le spectacle avec diverses formules<\/p>\n","protected":false},"author":1,"featured_media":0,"parent":0,"menu_order":0,"comment_status":"closed","ping_status":"open","template":"","meta":{"footnotes":""},"class_list":["post-2","page","type-page","status-publish","hentry"],"yoast_head":"<!-- This site is optimized with the Yoast SEO plugin v27.4 - https:\/\/yoast.com\/product\/yoast-seo-wordpress\/ -->\n<title>Accueil - No\u00ebl en Cirque<\/title>\n<meta name=\"description\" content=\"L&#039;Association NO\u00cbL EN CIRQUE vous annonce la 14\u00e8me \u00e9dition pr\u00e9vue au calendrier culturel de cette ann\u00e9e 2024.\" \/>\n<meta name=\"robots\" content=\"index, follow, max-snippet:-1, max-image-preview:large, max-video-preview:-1\" \/>\n<link rel=\"canonical\" href=\"https:\/\/noelencirque.org\/\" \/>\n<meta property=\"og:locale\" content=\"fr_FR\" \/>\n<meta property=\"og:type\" content=\"article\" \/>\n<meta property=\"og:title\" content=\"Accueil - No\u00ebl en Cirque\" \/>\n<meta property=\"og:description\" content=\"L&#039;Association NO\u00cbL EN CIRQUE vous annonce la 14\u00e8me \u00e9dition pr\u00e9vue au calendrier culturel de cette ann\u00e9e 2024.\" \/>\n<meta property=\"og:url\" content=\"https:\/\/noelencirque.org\/\" \/>\n<meta property=\"og:site_name\" content=\"No\u00ebl en Cirque\" \/>\n<meta property=\"article:publisher\" content=\"https:\/\/www.facebook.com\/profile.php?id=100093987205867\" \/>\n<meta property=\"article:modified_time\" content=\"2026-01-09T10:35:09+00:00\" \/>\n<meta property=\"og:image\" content=\"https:\/\/noelencirque.org\/wp-content\/uploads\/2026\/01\/NeC_2026.webp\" \/>\n\t<meta property=\"og:image:width\" content=\"1080\" \/>\n\t<meta property=\"og:image:height\" content=\"775\" \/>\n\t<meta property=\"og:image:type\" content=\"image\/webp\" \/>\n<meta name=\"twitter:card\" content=\"summary_large_image\" \/>\n<meta name=\"twitter:label1\" content=\"Dur\u00e9e de lecture estim\u00e9e\" \/>\n\t<meta name=\"twitter:data1\" content=\"5 minutes\" \/>\n<script type=\"application\/ld+json\" class=\"yoast-schema-graph\">{\"@context\":\"https:\\\/\\\/schema.org\",\"@graph\":[{\"@type\":\"WebPage\",\"@id\":\"https:\\\/\\\/noelencirque.org\\\/\",\"url\":\"https:\\\/\\\/noelencirque.org\\\/\",\"name\":\"Accueil - No\u00ebl en Cirque\",\"isPartOf\":{\"@id\":\"https:\\\/\\\/noelencirque.org\\\/#website\"},\"primaryImageOfPage\":{\"@id\":\"https:\\\/\\\/noelencirque.org\\\/#primaryimage\"},\"image\":{\"@id\":\"https:\\\/\\\/noelencirque.org\\\/#primaryimage\"},\"thumbnailUrl\":\"https:\\\/\\\/noelencirque.org\\\/wp-content\\\/uploads\\\/2026\\\/01\\\/NeC_2026-1024x735.webp\",\"datePublished\":\"2023-09-05T17:35:18+00:00\",\"dateModified\":\"2026-01-09T10:35:09+00:00\",\"description\":\"L'Association NO\u00cbL EN CIRQUE vous annonce la 14\u00e8me \u00e9dition pr\u00e9vue au calendrier culturel de cette ann\u00e9e 2024.\",\"breadcrumb\":{\"@id\":\"https:\\\/\\\/noelencirque.org\\\/#breadcrumb\"},\"inLanguage\":\"fr-FR\",\"potentialAction\":[{\"@type\":\"ReadAction\",\"target\":[\"https:\\\/\\\/noelencirque.org\\\/\"]}]},{\"@type\":\"ImageObject\",\"inLanguage\":\"fr-FR\",\"@id\":\"https:\\\/\\\/noelencirque.org\\\/#primaryimage\",\"url\":\"https:\\\/\\\/noelencirque.org\\\/wp-content\\\/uploads\\\/2026\\\/01\\\/NeC_2026.webp\",\"contentUrl\":\"https:\\\/\\\/noelencirque.org\\\/wp-content\\\/uploads\\\/2026\\\/01\\\/NeC_2026.webp\",\"width\":1080,\"height\":775},{\"@type\":\"BreadcrumbList\",\"@id\":\"https:\\\/\\\/noelencirque.org\\\/#breadcrumb\",\"itemListElement\":[{\"@type\":\"ListItem\",\"position\":1,\"name\":\"Accueil\",\"item\":\"https:\\\/\\\/noelencirque.org\\\/\"},{\"@type\":\"ListItem\",\"position\":2,\"name\":\"Accueil\"}]},{\"@type\":\"WebSite\",\"@id\":\"https:\\\/\\\/noelencirque.org\\\/#website\",\"url\":\"https:\\\/\\\/noelencirque.org\\\/\",\"name\":\"No\u00ebl en Cirque\",\"description\":\"Oh l\u00e0 l\u00e0 l\u00e0 c&#039;est magnifique !\",\"publisher\":{\"@id\":\"https:\\\/\\\/noelencirque.org\\\/#organization\"},\"potentialAction\":[{\"@type\":\"SearchAction\",\"target\":{\"@type\":\"EntryPoint\",\"urlTemplate\":\"https:\\\/\\\/noelencirque.org\\\/?s={search_term_string}\"},\"query-input\":{\"@type\":\"PropertyValueSpecification\",\"valueRequired\":true,\"valueName\":\"search_term_string\"}}],\"inLanguage\":\"fr-FR\"},{\"@type\":\"Organization\",\"@id\":\"https:\\\/\\\/noelencirque.org\\\/#organization\",\"name\":\"No\u00ebl en Cirque\",\"url\":\"https:\\\/\\\/noelencirque.org\\\/\",\"logo\":{\"@type\":\"ImageObject\",\"inLanguage\":\"fr-FR\",\"@id\":\"https:\\\/\\\/noelencirque.org\\\/#\\\/schema\\\/logo\\\/image\\\/\",\"url\":\"https:\\\/\\\/noelencirque.org\\\/wp-content\\\/uploads\\\/2023\\\/10\\\/LOGO_NoelEnCirque_new.jpg\",\"contentUrl\":\"https:\\\/\\\/noelencirque.org\\\/wp-content\\\/uploads\\\/2023\\\/10\\\/LOGO_NoelEnCirque_new.jpg\",\"width\":536,\"height\":510,\"caption\":\"No\u00ebl en Cirque\"},\"image\":{\"@id\":\"https:\\\/\\\/noelencirque.org\\\/#\\\/schema\\\/logo\\\/image\\\/\"},\"sameAs\":[\"https:\\\/\\\/www.facebook.com\\\/profile.php?id=100093987205867\"]}]}<\/script>\n<!-- \/ Yoast SEO plugin. -->","yoast_head_json":{"title":"Accueil - No\u00ebl en Cirque","description":"L'Association NO\u00cbL EN CIRQUE vous annonce la 14\u00e8me \u00e9dition pr\u00e9vue au calendrier culturel de cette ann\u00e9e 2024.","robots":{"index":"index","follow":"follow","max-snippet":"max-snippet:-1","max-image-preview":"max-image-preview:large","max-video-preview":"max-video-preview:-1"},"canonical":"https:\/\/noelencirque.org\/","og_locale":"fr_FR","og_type":"article","og_title":"Accueil - No\u00ebl en Cirque","og_description":"L'Association NO\u00cbL EN CIRQUE vous annonce la 14\u00e8me \u00e9dition pr\u00e9vue au calendrier culturel de cette ann\u00e9e 2024.","og_url":"https:\/\/noelencirque.org\/","og_site_name":"No\u00ebl en Cirque","article_publisher":"https:\/\/www.facebook.com\/profile.php?id=100093987205867","article_modified_time":"2026-01-09T10:35:09+00:00","og_image":[{"width":1080,"height":775,"url":"https:\/\/noelencirque.org\/wp-content\/uploads\/2026\/01\/NeC_2026.webp","type":"image\/webp"}],"twitter_card":"summary_large_image","twitter_misc":{"Dur\u00e9e de lecture estim\u00e9e":"5 minutes"},"schema":{"@context":"https:\/\/schema.org","@graph":[{"@type":"WebPage","@id":"https:\/\/noelencirque.org\/","url":"https:\/\/noelencirque.org\/","name":"Accueil - No\u00ebl en Cirque","isPartOf":{"@id":"https:\/\/noelencirque.org\/#website"},"primaryImageOfPage":{"@id":"https:\/\/noelencirque.org\/#primaryimage"},"image":{"@id":"https:\/\/noelencirque.org\/#primaryimage"},"thumbnailUrl":"https:\/\/noelencirque.org\/wp-content\/uploads\/2026\/01\/NeC_2026-1024x735.webp","datePublished":"2023-09-05T17:35:18+00:00","dateModified":"2026-01-09T10:35:09+00:00","description":"L'Association NO\u00cbL EN CIRQUE vous annonce la 14\u00e8me \u00e9dition pr\u00e9vue au calendrier culturel de cette ann\u00e9e 2024.","breadcrumb":{"@id":"https:\/\/noelencirque.org\/#breadcrumb"},"inLanguage":"fr-FR","potentialAction":[{"@type":"ReadAction","target":["https:\/\/noelencirque.org\/"]}]},{"@type":"ImageObject","inLanguage":"fr-FR","@id":"https:\/\/noelencirque.org\/#primaryimage","url":"https:\/\/noelencirque.org\/wp-content\/uploads\/2026\/01\/NeC_2026.webp","contentUrl":"https:\/\/noelencirque.org\/wp-content\/uploads\/2026\/01\/NeC_2026.webp","width":1080,"height":775},{"@type":"BreadcrumbList","@id":"https:\/\/noelencirque.org\/#breadcrumb","itemListElement":[{"@type":"ListItem","position":1,"name":"Accueil","item":"https:\/\/noelencirque.org\/"},{"@type":"ListItem","position":2,"name":"Accueil"}]},{"@type":"WebSite","@id":"https:\/\/noelencirque.org\/#website","url":"https:\/\/noelencirque.org\/","name":"No\u00ebl en Cirque","description":"Oh l\u00e0 l\u00e0 l\u00e0 c&#039;est magnifique !","publisher":{"@id":"https:\/\/noelencirque.org\/#organization"},"potentialAction":[{"@type":"SearchAction","target":{"@type":"EntryPoint","urlTemplate":"https:\/\/noelencirque.org\/?s={search_term_string}"},"query-input":{"@type":"PropertyValueSpecification","valueRequired":true,"valueName":"search_term_string"}}],"inLanguage":"fr-FR"},{"@type":"Organization","@id":"https:\/\/noelencirque.org\/#organization","name":"No\u00ebl en Cirque","url":"https:\/\/noelencirque.org\/","logo":{"@type":"ImageObject","inLanguage":"fr-FR","@id":"https:\/\/noelencirque.org\/#\/schema\/logo\/image\/","url":"https:\/\/noelencirque.org\/wp-content\/uploads\/2023\/10\/LOGO_NoelEnCirque_new.jpg","contentUrl":"https:\/\/noelencirque.org\/wp-content\/uploads\/2023\/10\/LOGO_NoelEnCirque_new.jpg","width":536,"height":510,"caption":"No\u00ebl en Cirque"},"image":{"@id":"https:\/\/noelencirque.org\/#\/schema\/logo\/image\/"},"sameAs":["https:\/\/www.facebook.com\/profile.php?id=100093987205867"]}]}},"_links":{"self":[{"href":"https:\/\/noelencirque.org\/index.php\/wp-json\/wp\/v2\/pages\/2","targetHints":{"allow":["GET"]}}],"collection":[{"href":"https:\/\/noelencirque.org\/index.php\/wp-json\/wp\/v2\/pages"}],"about":[{"href":"https:\/\/noelencirque.org\/index.php\/wp-json\/wp\/v2\/types\/page"}],"author":[{"embeddable":true,"href":"https:\/\/noelencirque.org\/index.php\/wp-json\/wp\/v2\/users\/1"}],"replies":[{"embeddable":true,"href":"https:\/\/noelencirque.org\/index.php\/wp-json\/wp\/v2\/comments?post=2"}],"version-history":[{"count":85,"href":"https:\/\/noelencirque.org\/index.php\/wp-json\/wp\/v2\/pages\/2\/revisions"}],"predecessor-version":[{"id":787,"href":"https:\/\/noelencirque.org\/index.php\/wp-json\/wp\/v2\/pages\/2\/revisions\/787"}],"wp:attachment":[{"href":"https:\/\/noelencirque.org\/index.php\/wp-json\/wp\/v2\/media?parent=2"}],"curies":[{"name":"wp","href":"https:\/\/api.w.org\/{rel}","templated":true}]}}